{"id":1000,"date":"2022-02-25T13:13:46","date_gmt":"2022-02-25T13:13:46","guid":{"rendered":"http:\/\/ceyalcoop.com\/?page_id=1000"},"modified":"2022-02-25T13:36:40","modified_gmt":"2022-02-25T13:36:40","slug":"capacitacion-administrativa","status":"publish","type":"page","link":"https:\/\/ceyalcoop.com\/index.php\/capacitacion-administrativa\/","title":{"rendered":"Capacitaci\u00f3n Administrativa."},"content":{"rendered":"\t\t<div data-elementor-type=\"wp-page\" data-elementor-id=\"1000\" class=\"elementor elementor-1000\" data-elementor-post-type=\"page\">\n\t\t\t\t\t\t<section class=\"elementor-section elementor-top-section elementor-element elementor-element-1335517 elementor-section-boxed elementor-section-height-default elementor-section-height-default\" data-id=\"1335517\" data-element_type=\"section\" data-e-type=\"section\">\n\t\t\t\t\t\t<div class=\"elementor-container elementor-column-gap-default\">\n\t\t\t\t\t<div class=\"elementor-column elementor-col-100 elementor-top-column elementor-element elementor-element-53f3658\" data-id=\"53f3658\" data-element_type=\"column\" data-e-type=\"column\">\n\t\t\t<div class=\"elementor-widget-wrap elementor-element-populated\">\n\t\t\t\t\t\t<div class=\"elementor-element elementor-element-d0185b2 elementor-widget elementor-widget-heading\" data-id=\"d0185b2\" data-element_type=\"widget\" data-e-type=\"widget\" data-widget_type=\"heading.default\">\n\t\t\t\t<div class=\"elementor-widget-container\">\n\t\t\t\t\t<h2 class=\"elementor-heading-title elementor-size-default\">Capacitaci\u00f3n de personal administrativo. <\/h2>\t\t\t\t<\/div>\n\t\t\t\t<\/div>\n\t\t\t\t<div class=\"elementor-element elementor-element-fd5c08f elementor-widget elementor-widget-text-editor\" data-id=\"fd5c08f\" data-element_type=\"widget\" data-e-type=\"widget\" data-widget_type=\"text-editor.default\">\n\t\t\t\t<div class=\"elementor-widget-container\">\n\t\t\t\t\t\t\t\t\t<h6><strong>El pasado 16 de febrero el personal administrativo de CEYAL realiz\u00f3 una capacitaci\u00f3n del \u00e1rea de Seguridad e Higiene con el Ingeniero Pedro Turiello.<\/strong><\/h6>\t\t\t\t\t\t\t\t<\/div>\n\t\t\t\t<\/div>\n\t\t\t\t<div class=\"elementor-element elementor-element-ff1ead9 elementor-widget-divider--view-line elementor-widget elementor-widget-divider\" data-id=\"ff1ead9\" data-element_type=\"widget\" data-e-type=\"widget\" data-widget_type=\"divider.default\">\n\t\t\t\t<div class=\"elementor-widget-container\">\n\t\t\t\t\t\t\t<div class=\"elementor-divider\">\n\t\t\t<span class=\"elementor-divider-separator\">\n\t\t\t\t\t\t<\/span>\n\t\t<\/div>\n\t\t\t\t\t\t<\/div>\n\t\t\t\t<\/div>\n\t\t\t\t\t<\/div>\n\t\t<\/div>\n\t\t\t\t\t<\/div>\n\t\t<\/section>\n\t\t\t\t<section class=\"elementor-section elementor-top-section elementor-element elementor-element-d3e86bb elementor-section-boxed elementor-section-height-default elementor-section-height-default\" data-id=\"d3e86bb\" data-element_type=\"section\" data-e-type=\"section\">\n\t\t\t\t\t\t<div class=\"elementor-container elementor-column-gap-default\">\n\t\t\t\t\t<div class=\"elementor-column elementor-col-50 elementor-top-column elementor-element elementor-element-404ee31\" data-id=\"404ee31\" data-element_type=\"column\" data-e-type=\"column\">\n\t\t\t<div class=\"elementor-widget-wrap elementor-element-populated\">\n\t\t\t\t\t\t<div class=\"elementor-element elementor-element-2b1af9a elementor-widget elementor-widget-image\" data-id=\"2b1af9a\" data-element_type=\"widget\" data-e-type=\"widget\" data-widget_type=\"image.default\">\n\t\t\t\t<div class=\"elementor-widget-container\">\n\t\t\t\t\t\t\t\t\t\t\t\t\t\t\t<img fetchpriority=\"high\" decoding=\"async\" width=\"237\" height=\"300\" src=\"https:\/\/ceyalcoop.com\/wp-content\/uploads\/2022\/02\/capacitacion-237x300-1.jpg\" class=\"attachment-large size-large wp-image-1002\" alt=\"\" \/>\t\t\t\t\t\t\t\t\t\t\t\t\t\t\t<\/div>\n\t\t\t\t<\/div>\n\t\t\t\t\t<\/div>\n\t\t<\/div>\n\t\t\t\t<div class=\"elementor-column elementor-col-50 elementor-top-column elementor-element elementor-element-36a8954\" data-id=\"36a8954\" data-element_type=\"column\" data-e-type=\"column\">\n\t\t\t<div class=\"elementor-widget-wrap elementor-element-populated\">\n\t\t\t\t\t\t<div class=\"elementor-element elementor-element-fa5ed98 elementor-widget elementor-widget-image\" data-id=\"fa5ed98\" data-element_type=\"widget\" data-e-type=\"widget\" data-widget_type=\"image.default\">\n\t\t\t\t<div class=\"elementor-widget-container\">\n\t\t\t\t\t\t\t\t\t\t\t\t\t\t\t<img decoding=\"async\" width=\"300\" height=\"295\" data-src=\"https:\/\/ceyalcoop.com\/wp-content\/uploads\/2022\/02\/capacitacion-1-300x295-1.jpg\" class=\"attachment-large size-large wp-image-1001 lazyload\" alt=\"\" src=\"data:image\/svg+xml;base64,PHN2ZyB3aWR0aD0iMSIgaGVpZ2h0PSIxIiB4bWxucz0iaHR0cDovL3d3dy53My5vcmcvMjAwMC9zdmciPjwvc3ZnPg==\" style=\"--smush-placeholder-width: 300px; --smush-placeholder-aspect-ratio: 300\/295;\" \/>\t\t\t\t\t\t\t\t\t\t\t\t\t\t\t<\/div>\n\t\t\t\t<\/div>\n\t\t\t\t\t<\/div>\n\t\t<\/div>\n\t\t\t\t\t<\/div>\n\t\t<\/section>\n\t\t\t\t<section class=\"elementor-section elementor-top-section elementor-element elementor-element-ff44d89 elementor-section-boxed elementor-section-height-default elementor-section-height-default\" data-id=\"ff44d89\" data-element_type=\"section\" data-e-type=\"section\">\n\t\t\t\t\t\t<div class=\"elementor-container elementor-column-gap-default\">\n\t\t\t\t\t<div class=\"elementor-column elementor-col-100 elementor-top-column elementor-element elementor-element-713efc9\" data-id=\"713efc9\" data-element_type=\"column\" data-e-type=\"column\">\n\t\t\t<div class=\"elementor-widget-wrap elementor-element-populated\">\n\t\t\t\t\t\t<div class=\"elementor-element elementor-element-d8c986a elementor-widget elementor-widget-text-editor\" data-id=\"d8c986a\" data-element_type=\"widget\" data-e-type=\"widget\" data-widget_type=\"text-editor.default\">\n\t\t\t\t<div class=\"elementor-widget-container\">\n\t\t\t\t\t\t\t\t\t<p>Dicha capacitaci\u00f3n abarc\u00f3 los siguientes temas:<\/p><ul><li>Plan de respuesta ante emergencias: unificaci\u00f3n de criterios para establecer el procedimiento de respuesta ante una emergencia. Explicaci\u00f3n de posibles situaciones apremiantes que requieren una acci\u00f3n coordinada y adecuada y prevenci\u00f3n de estas situaciones. El significado de planificar como una proyecci\u00f3n de algo que no ocurri\u00f3 a\u00fan y la evaluaci\u00f3n de las herramientas con las que se deben contar.<\/li><li>Riesgo incendio y uso del equipo extintor: condiciones para un principio de incendio, tipos de fuego, tipos de extintores, t\u00e9cnicas de prevenci\u00f3n y utilizaci\u00f3n de equipos de autoprotecci\u00f3n.<\/li><li>Higiene Laboral: Conceptos de higiene en establecimientos de p\u00fablica concurrencia y espacios de trabajo; t\u00e9cnicas de higiene y protocolo Dengue y Covid.<\/li><li>Espacios de p\u00fablica concurrencia: caracter\u00edsticas y normativas de un espacio de p\u00fablica concurrencia.<\/li><li>Accidente In It\u00ednere: identificaci\u00f3n de un accidente in it\u00ednere; requisitos para la denuncia de un accidente in it\u00ednere.<\/li><li>Roles de emergencias: actividades por sector y\/o individuales que\u00a0\u00a0\u00a0\u00a0 deben\u00a0desarrollarse en caso de emergencias.<\/li><\/ul>\t\t\t\t\t\t\t\t<\/div>\n\t\t\t\t<\/div>\n\t\t\t\t\t<\/div>\n\t\t<\/div>\n\t\t\t\t\t<\/div>\n\t\t<\/section>\n\t\t\t\t<\/div>\n\t\t","protected":false},"excerpt":{"rendered":"<p>Capacitaci\u00f3n de personal administrativo. El pasado 16 de febrero el personal administrativo de CEYAL realiz\u00f3 una capacitaci\u00f3n del \u00e1rea de Seguridad e Higiene con el Ingeniero Pedro Turiello. Dicha capacitaci\u00f3n abarc\u00f3 los siguientes temas: Plan de respuesta ante emergencias: unificaci\u00f3n de criterios para establecer el procedimiento de respuesta ante una emergencia. Explicaci\u00f3n de posibles situaciones [&hellip;]<\/p>\n","protected":false},"author":3,"featured_media":0,"parent":0,"menu_order":0,"comment_status":"closed","ping_status":"closed","template":"","meta":{"footnotes":""},"class_list":["post-1000","page","type-page","status-publish","hentry"],"_links":{"self":[{"href":"https:\/\/ceyalcoop.com\/index.php\/wp-json\/wp\/v2\/pages\/1000","targetHints":{"allow":["GET"]}}],"collection":[{"href":"https:\/\/ceyalcoop.com\/index.php\/wp-json\/wp\/v2\/pages"}],"about":[{"href":"https:\/\/ceyalcoop.com\/index.php\/wp-json\/wp\/v2\/types\/page"}],"author":[{"embeddable":true,"href":"https:\/\/ceyalcoop.com\/index.php\/wp-json\/wp\/v2\/users\/3"}],"replies":[{"embeddable":true,"href":"https:\/\/ceyalcoop.com\/index.php\/wp-json\/wp\/v2\/comments?post=1000"}],"version-history":[{"count":12,"href":"https:\/\/ceyalcoop.com\/index.php\/wp-json\/wp\/v2\/pages\/1000\/revisions"}],"predecessor-version":[{"id":1027,"href":"https:\/\/ceyalcoop.com\/index.php\/wp-json\/wp\/v2\/pages\/1000\/revisions\/1027"}],"wp:attachment":[{"href":"https:\/\/ceyalcoop.com\/index.php\/wp-json\/wp\/v2\/media?parent=1000"}],"curies":[{"name":"wp","href":"https:\/\/api.w.org\/{rel}","templated":true}]}}