{"id":397,"date":"2022-02-17T14:11:31","date_gmt":"2022-02-17T14:11:31","guid":{"rendered":"http:\/\/ceyalcoop.com\/?page_id=397"},"modified":"2026-04-09T13:44:11","modified_gmt":"2026-04-09T13:44:11","slug":"estudiar-en-cau-y-ciep","status":"publish","type":"page","link":"https:\/\/ceyalcoop.com\/index.php\/estudiar-en-cau-y-ciep\/","title":{"rendered":"Estudiar en CAU y CIEP"},"content":{"rendered":"\t\t<div data-elementor-type=\"wp-page\" data-elementor-id=\"397\" class=\"elementor elementor-397\" data-elementor-post-type=\"page\">\n\t\t\t\t\t\t<section class=\"elementor-section elementor-top-section elementor-element elementor-element-d61b4c6 elementor-section-boxed elementor-section-height-default elementor-section-height-default\" data-id=\"d61b4c6\" data-element_type=\"section\" data-e-type=\"section\">\n\t\t\t\t\t\t<div class=\"elementor-container elementor-column-gap-default\">\n\t\t\t\t\t<div class=\"elementor-column elementor-col-100 elementor-top-column elementor-element elementor-element-2756fb4\" data-id=\"2756fb4\" data-element_type=\"column\" data-e-type=\"column\">\n\t\t\t<div class=\"elementor-widget-wrap elementor-element-populated\">\n\t\t\t\t\t\t<div class=\"elementor-element elementor-element-4e07257 elementor-widget elementor-widget-heading\" data-id=\"4e07257\" data-element_type=\"widget\" data-e-type=\"widget\" data-widget_type=\"heading.default\">\n\t\t\t\t<div class=\"elementor-widget-container\">\n\t\t\t\t\t<h2 class=\"elementor-heading-title elementor-size-default\">Estudia lo que siempre quisiste<\/h2>\t\t\t\t<\/div>\n\t\t\t\t<\/div>\n\t\t\t\t\t<\/div>\n\t\t<\/div>\n\t\t\t\t\t<\/div>\n\t\t<\/section>\n\t\t\t\t<section class=\"elementor-section elementor-top-section elementor-element elementor-element-2d71dae elementor-section-boxed elementor-section-height-default elementor-section-height-default\" data-id=\"2d71dae\" data-element_type=\"section\" data-e-type=\"section\">\n\t\t\t\t\t\t<div class=\"elementor-container elementor-column-gap-default\">\n\t\t\t\t\t<div class=\"elementor-column elementor-col-100 elementor-top-column elementor-element elementor-element-2ab3e61\" data-id=\"2ab3e61\" data-element_type=\"column\" data-e-type=\"column\">\n\t\t\t<div class=\"elementor-widget-wrap elementor-element-populated\">\n\t\t\t\t\t\t<div class=\"elementor-element elementor-element-f1c443e elementor-widget elementor-widget-text-editor\" data-id=\"f1c443e\" data-element_type=\"widget\" data-e-type=\"widget\" data-widget_type=\"text-editor.default\">\n\t\t\t\t<div class=\"elementor-widget-container\">\n\t\t\t\t\t\t\t\t\t<p>El CAU Cooperativa El\u00e9ctrica y Anexos Limitada de Vicu\u00f1a Mackenna, es un Centro de Aprendizaje Universitario surgido luego de la firma de un Convenio con la Universidad Siglo 21 en al a\u00f1o 2008, que permiti\u00f3 acercar la Universidad a Vicu\u00f1a Mackenna, a partir del ciclo lectivo 2009, y que actualmente se encuentra transitando su d\u00e9cimo segundo a\u00f1o acad\u00e9mico, a trav\u00e9s de la modalidad Distribuida.<br \/>Con el objetivo de que el trabajo, la distancia o cualquiera de las circunstancias en la vida de una persona no sean un impedimento para su formaci\u00f3n, busca mantener a la vez la flexibilidad de soportes y el apoyo constante a los alumnos durante el cursado que, por trabajo o falta de tiempo no pueden asistir a clases en forma regular y desean alcanzar un t\u00edtulo de Grado o Tecnicatura.<br \/>En el a\u00f1o 2011, realiz\u00f3 el primer acto de colaci\u00f3n de grados con los cuatro primeros egresados, hoy ya contamos con 50 profesionales egresados de nuestro CAU.<br \/>Se pueden cursar carreras de grado, con una duraci\u00f3n de 4 a 5 a\u00f1os y tecnicaturas, con una duraci\u00f3n de 2 a 3 a\u00f1os, con t\u00edtulos oficiales, habilitados por el Ministerio de Educaci\u00f3n de la Naci\u00f3n. Resoluci\u00f3n Ministerial: RM. N\u00b01328\/2013<br \/>Modalidad: Distribuida Home<br \/>Donde el proceso de aprendizaje es 100% online y realiza actividades colaborativas con compa\u00f1eros en todo el pa\u00eds a trav\u00e9s de la plataforma virtual SAM.<br \/>En la modalidad Educaci\u00f3n Distribuida Home, la efectividad del proceso de aprendizaje colaborativo se asegura a trav\u00e9s de actividades colaborativas en Foros y con el seguimiento permanente de Profesores Virtuales.<br \/>La educaci\u00f3n evoluciona, \u00a1la Universidad tambi\u00e9n!<\/p><p><strong>La oferta Acad\u00e9mica Siglo 21 en nuestro CAU es la siguiente:<\/strong><\/p><p><strong>CARRERAS DE GRADO (Duraci\u00f3n: de 4 a 5 a\u00f1os)<\/strong><br \/>\u00b7 Abogac\u00eda<br \/>\u00b7 Contador P\u00fablico<br \/>\u00b7 Lic. en Administraci\u00f3n<br \/>\u00b7 Lic. en Administraci\u00f3n Agraria<br \/>\u00b7 Lic. en Administraci\u00f3n P\u00fablica<br \/>\u00b7 Lic. en Comercializaci\u00f3n (Marketing)<br \/>\u00b7 Lic. en Comercio Internacional<br \/>\u00b7 Lic. En Criminolog\u00eda y Seguridad<br \/>\u00b7 Lic. En Log\u00edstica Global<br \/>\u00b7 Lic. en Dise\u00f1o y Animaci\u00f3n Digital<br \/>\u00b7 Lic. en Gesti\u00f3n Ambiental<br \/>\u00b7 Lic. en Gesti\u00f3n de Recursos Humanos<br \/>\u00b7 Lic. en Gesti\u00f3n Tur\u00edstica<br \/>\u00b7 Lic. en Higiene, Seguridad y Medio Ambiente del trabajo<br \/>\u00b7 Lic. en Inform\u00e1tica<br \/>\u00b7 Lic. en Periodismo<br \/>\u00b7 Lic. en Publicidad<br \/>\u00b7 Lic. en Relaciones Internacionales<br \/>\u00b7 Lic. en Relaciones P\u00fablicas e Institucionales<br \/>\u00b7 Lic. en Administraci\u00f3n Hotelera<br \/>\u00b7 Lic. Inteligencia Artificial y Rob\u00f3tica <br \/>\u00b7 Lic. en Seguridad Inform\u00e1tica <br \/>\u00b7 Lic. en Matem\u00e1tica <br \/>\u00b7 Lic. en Ciencia de Datos <br \/>\u00b7 Lic. en Terapia Ocupacional y Desarrollo Humano <br \/>\u00b7 Lic. en Antropolog\u00eda Organizacional <br \/>\u00b7 Lic. en Gerontolog\u00eda <br \/>. Actuario<br \/>. Lic. en Administraci\u00f3n de Infraestructura Tecnol\u00f3gica<br \/>\u00b7 Lic. en Emprendimiento (2 a\u00f1os) <br \/>\u00b7 Lic. en Educaci\u00f3n (2 a\u00f1os) &#8211; Requisito tener t\u00edtulo de Profesor que acredite 1200 hs reloj<br \/>\u00b7 Escriban\u00eda (1 a\u00f1o) &#8211; Requisito tener t\u00edtulo de Abogado<\/p><p><strong>CARRERAS CORTAS: PREGRADO (Duraci\u00f3n: de 2 a 3 a\u00f1os)<\/strong><br \/>\u00b7 Tec. en Investigaci\u00f3n de la Escena del Crimen<br \/>\u00b7 Tec. Universitaria en Redes Inform\u00e1ticas y Telecomunicaciones &#8211; \u00a1Nueva Carrera!<br \/>\u00b7 Martillero, Corredor P\u00fablico y Corredor Inmobiliario<br \/>\u00b7 Tec. en Higiene y Seguridad Laboral<br \/>\u00b7 Tec. en Gesti\u00f3n y Responsabilidad Social<br \/>\u00b7 Tec. en Gesti\u00f3n y Auditor\u00edas Ambientales.<br \/>\u00b7 Tec. en Gesti\u00f3n de Empresas Familiares<br \/>\u00b7 Tec. en Administraci\u00f3n y Gesti\u00f3n Tributaria<br \/>\u00b7 Tec. en Administraci\u00f3n P\u00fablica y Gesti\u00f3n de Pol\u00edticas P\u00fablicas.<br \/>\u00b7 Tec. en Marketing Digital y Publicidad<br \/>\u00b7 Tec. en Dise\u00f1o y Animaci\u00f3n Digital<br \/>\u00b7 Tec. en Gesti\u00f3n de Recursos Tur\u00edsticos<br \/>\u00b7 Tec. en Gesti\u00f3n del Clima en las Organizaciones<br \/>\u00b7 Procurador (3 a\u00f1os)<br \/>\u00b7 T\u00e9cnico Universitario en Promoci\u00f3n comunitaria en ni\u00f1ez y adolescencia<br \/>\u00b7 Tec. en Gesti\u00f3n Administrativa de Servicios de Salud<br \/>\u00b7 Tec. en Hidrocarburos y Geociencia<br \/>\u00b7 Tec. en Direcci\u00f3n en Protocolo, Organizaci\u00f3n de Eventos y Relaciones P\u00fablicas<br \/>\u00b7 Tec. en Relaciones Laborales<br \/>\u00b7 Tec. en Gesti\u00f3n de la moda<\/p>\t\t\t\t\t\t\t\t<\/div>\n\t\t\t\t<\/div>\n\t\t\t\t\t<\/div>\n\t\t<\/div>\n\t\t\t\t\t<\/div>\n\t\t<\/section>\n\t\t\t\t<section class=\"elementor-section elementor-top-section elementor-element elementor-element-867374b elementor-section-boxed elementor-section-height-default elementor-section-height-default\" data-id=\"867374b\" data-element_type=\"section\" data-e-type=\"section\">\n\t\t\t\t\t\t<div class=\"elementor-container elementor-column-gap-default\">\n\t\t\t\t\t<div class=\"elementor-column elementor-col-100 elementor-top-column elementor-element elementor-element-50cd45f\" data-id=\"50cd45f\" data-element_type=\"column\" data-e-type=\"column\">\n\t\t\t<div class=\"elementor-widget-wrap\">\n\t\t\t\t\t\t\t<\/div>\n\t\t<\/div>\n\t\t\t\t\t<\/div>\n\t\t<\/section>\n\t\t<div class=\"elementor-element elementor-element-72bb30d e-flex e-con-boxed e-con e-parent\" data-id=\"72bb30d\" data-element_type=\"container\" data-e-type=\"container\">\n\t\t\t\t\t<div class=\"e-con-inner\">\n\t\t\t\t<div class=\"elementor-element elementor-element-7f05f9e elementor-widget elementor-widget-heading\" data-id=\"7f05f9e\" data-element_type=\"widget\" data-e-type=\"widget\" data-widget_type=\"heading.default\">\n\t\t\t\t<div class=\"elementor-widget-container\">\n\t\t\t\t\t<h2 class=\"elementor-heading-title elementor-size-default\">CIEP Virtual - Educaci\u00f3n a Distancia 2026.<\/h2>\t\t\t\t<\/div>\n\t\t\t\t<\/div>\n\t\t\t\t\t<\/div>\n\t\t\t\t<\/div>\n\t\t<div class=\"elementor-element elementor-element-2171a66 e-flex e-con-boxed e-con e-parent\" data-id=\"2171a66\" data-element_type=\"container\" data-e-type=\"container\">\n\t\t\t\t\t<div class=\"e-con-inner\">\n\t\t\t\t<div class=\"elementor-element elementor-element-49f0209 elementor-widget elementor-widget-text-editor\" data-id=\"49f0209\" data-element_type=\"widget\" data-e-type=\"widget\" data-widget_type=\"text-editor.default\">\n\t\t\t\t<div class=\"elementor-widget-container\">\n\t\t\t\t\t\t\t\t\t<p><span style=\"font-weight: 400;\">Ser\u00e1 cursada mediante la plataforma de e-learning de Fundaci\u00f3n CIEP, Campus Virtual, a la que podr\u00e1s acceder las 24 horas. En esta modalidad de estudio el alumno cuenta con el apoyo de un Profesional en el \u00e1rea de estudio y Coordinadores que brindar\u00e1n asistencia t\u00e9cnica, acad\u00e9mica y administrativa de forma permanente; utilizando como medio de comunicaci\u00f3n Chat, Foros y el Sistema de Mensajer\u00eda Interna de la plataforma. No hay instancias presenciales en esta modalidad, se rinde a trav\u00e9s de tres (3) Trabajos Pr\u00e1cticos, Autoevaluaciones y un Trabajo Final Integrador de Conocimientos al finalizar la Formaci\u00f3n, sobre un caso pr\u00e1ctico real, que deber\u00e1 resolver desde su hogar. La mayor\u00eda de las capacitaciones, tienen una duraci\u00f3n de cursado de 10 a 8 meses.<\/span><\/p><p><span style=\"font-size: 18pt;\"><strong>\u00bfPor qu\u00e9 elegir CIEP Virtual?<\/strong><\/span><\/p><p><span style=\"font-weight: 400;\">La flexibilidad horaria te facilitar\u00e1 la organizaci\u00f3n del tiempo personal, respetando tu vida familiar y las obligaciones laborales.<\/span><\/p><p><span style=\"font-weight: 400;\">No deber\u00e1s trasladarte para estudiar y lo har\u00e1s con el mismo material de estudio que nuestros alumnos de la modalidad presencial.<\/span><\/p><p><span style=\"font-weight: 400;\">Recibir\u00e1s asesoramiento, asistencia y orientaci\u00f3n toda vez que lo necesites, ya que somos una instituci\u00f3n que cuenta con s\u00f3lida experiencia y trayectoria educativa en entornos virtuales y nuestros asesores se encontrar\u00e1n a tu disposici\u00f3n para despejar dudas e inquietudes.<\/span><\/p><p><span style=\"font-weight: 400;\">Contar\u00e1s con el acompa\u00f1amiento y asesoramiento permanente de profesionales especializados en cada propuesta educativa y con conocimientos espec\u00edficos en educaci\u00f3n a distancia.<\/span><\/p><p><span style=\"font-weight: 400;\">Enriquecer\u00e1s tu aprendizaje mediante videos educativos y animaciones de los diferentes temas.<\/span><\/p><p><span style=\"font-weight: 400;\">Participar\u00e1s asiduamente en foros de debate donde interactuar\u00e1s con tus mentores y compa\u00f1eros.<\/span><\/p><p><span style=\"font-weight: 400;\">Te formar\u00e1s con material de estudio y bibliograf\u00eda b\u00e1sica digitalizada y permanentemente actualizada.<\/span><\/p><p><span style=\"font-weight: 400;\">Mediante autoevaluaciones planteadas en cada bloque de estudio podr\u00e1s verificar tus conocimientos.<\/span><\/p><p><span style=\"font-weight: 400;\">Muchas de nuestras propuestas no requieren haber culminado el secundario.<\/span><\/p><p><span style=\"font-weight: 400;\">Al finalizar tu formaci\u00f3n se acredita tu saber con un Certificado de aprobaci\u00f3n del Dise\u00f1o Curricular.<\/span><\/p><p><span style=\"font-size: 14pt;\"><strong>PROPUESTA DE CAPACITACIONES:<\/strong><\/span><\/p><ul><li style=\"font-weight: 400;\" aria-level=\"1\"><span style=\"font-weight: 400;\">ADMINISTRACI\u00d3N CONTABLE, IMPOSITIVA Y LABORAL<\/span><\/li><li style=\"font-weight: 400;\" aria-level=\"1\"><span style=\"font-weight: 400;\">ADMINISTRACI\u00d3N EMPRESARIAL Y MARKETING<\/span><\/li><li style=\"font-weight: 400;\" aria-level=\"1\"><span style=\"font-weight: 400;\">ADMINISTRACI\u00d3N Y GESTI\u00d3N BANCARIA<\/span><\/li><li style=\"font-weight: 400;\" aria-level=\"1\"><span style=\"font-weight: 400;\">AGENTE EN PSICOLOG\u00cdA SOCIAL<\/span><\/li><li style=\"font-weight: 400;\" aria-level=\"1\"><span style=\"font-weight: 400;\">AGENTE EN SEGURIDAD CIUDADANA<\/span><\/li><li style=\"font-weight: 400;\" aria-level=\"1\"><span style=\"font-weight: 400;\">APOYO PSICOL\u00d3GICO Y COMUNICACI\u00d3N CON EL PACIENTE (6 MESES)<\/span><\/li><li style=\"font-weight: 400;\" aria-level=\"1\"><span style=\"font-weight: 400;\">ASISTENCIA SOCIAL Y BIENESTAR COMUNITARIO<\/span><\/li><li style=\"font-weight: 400;\" aria-level=\"1\"><span style=\"font-weight: 400;\">ASISTENTE DE LABORATORIO Y AN\u00c1LISIS CL\u00cdNICOS<\/span><\/li><li style=\"font-weight: 400;\" aria-level=\"1\"><span style=\"font-weight: 400;\">ASISTENTE DEL M\u00c9DICO VETERINARIO<\/span><\/li><li style=\"font-weight: 400;\" aria-level=\"1\"><span style=\"font-weight: 400;\">ASISTENTE EN ALIMENTACI\u00d3N Y NUTRICI\u00d3N<\/span><\/li><li style=\"font-weight: 400;\" aria-level=\"1\"><span style=\"font-weight: 400;\">ASISTENTE EN ESTERILIZACI\u00d3N Y BIOSEGURIDAD EN CENTROS DE SALUD<\/span><\/li><li style=\"font-weight: 400;\" aria-level=\"1\"><span style=\"font-weight: 400;\">ASISTENTE LEGAL ADMINISTRATIVO<\/span><\/li><li style=\"font-weight: 400;\" aria-level=\"1\"><span style=\"font-weight: 400;\">ASISTENTE MATERNAL E INFANTIL<\/span><\/li><li style=\"font-weight: 400;\" aria-level=\"1\"><span style=\"font-weight: 400;\">ASISTENTE TERAP\u00c9UTICO<\/span><\/li><li style=\"font-weight: 400;\" aria-level=\"1\"><span style=\"font-weight: 400;\">AUXILIAR DE FARMACIA<\/span><\/li><li style=\"font-weight: 400;\" aria-level=\"1\"><span style=\"font-weight: 400;\">COORDINADOR EJECUTIVO<\/span><\/li><li style=\"font-weight: 400;\" aria-level=\"1\"><span style=\"font-weight: 400;\">DISE\u00d1ADOR DE INTERIORES<\/span><\/li><li style=\"font-weight: 400;\" aria-level=\"1\"><span style=\"font-weight: 400;\">DISE\u00d1O DE INDUMENTARIA (MOLDERIA INTEGRAL, DISE\u00d1O Y ALTA COSTURA)<\/span><\/li><li style=\"font-weight: 400;\" aria-level=\"1\"><span style=\"font-weight: 400;\">ENFERMER\u00cdA EN TERAPIA INTENSIVA<\/span><\/li><li style=\"font-weight: 400;\" aria-level=\"1\"><span style=\"font-weight: 400;\">ENFERMERIA DOMICILIARIA\/CUIDADO Y ATENCI\u00d3N DE PERSONAS<\/span><\/li><li style=\"font-weight: 400;\" aria-level=\"1\"><span style=\"font-weight: 400;\">ENFERMERIA EN PEDIATRIA<\/span><\/li><li style=\"font-weight: 400;\" aria-level=\"1\"><span style=\"font-weight: 400;\">ENFERMER\u00cdA EN SALUD MENTAL<\/span><\/li><li style=\"font-weight: 400;\" aria-level=\"1\"><span style=\"font-weight: 400;\">ENFERMERIA MATERNO-NEONATAL<\/span><\/li><li style=\"font-weight: 400;\" aria-level=\"1\"><span style=\"font-weight: 400;\">ENFERMER\u00cdA MEDICOQUIR\u00daRGICA<\/span><\/li><li style=\"font-weight: 400;\" aria-level=\"1\"><span style=\"font-weight: 400;\">EXPERTO EN GESTI\u00d3N DE RIESGOS Y SEGURIDAD INDUSTRIAL<\/span><\/li><li style=\"font-weight: 400;\" aria-level=\"1\"><span style=\"font-weight: 400;\">EXPERTO EN MEDIACI\u00d3N Y RESOLUCI\u00d3N DE CONFLICTOS<\/span><\/li><li style=\"font-weight: 400;\" aria-level=\"1\"><span style=\"font-weight: 400;\">EXPERTO EN NORMAS DE CALIDAD ALIMENTARIA<\/span><\/li><li style=\"font-weight: 400;\" aria-level=\"1\"><span style=\"font-weight: 400;\">EXPERTO EN URGENCIAS PREHOSPITALARIA<\/span><\/li><li style=\"font-weight: 400;\" aria-level=\"1\"><span style=\"font-weight: 400;\">FACILITADOR DE APOYO TERAP\u00c9UTICO EN DIVERSIDAD FUNCIONAL<\/span><\/li><li style=\"font-weight: 400;\" aria-level=\"1\"><span style=\"font-weight: 400;\">FACILITADOR EN ESTIMULACI\u00d3N Y DESARROLLO TEMPRANO<\/span><\/li><li style=\"font-weight: 400;\" aria-level=\"1\"><span style=\"font-weight: 400;\">FORMACI\u00d3N DE PRECEPTOR: SU ROL EN LA ESCUELA ACTUAL<\/span><\/li><li style=\"font-weight: 400;\" aria-level=\"1\"><span style=\"font-weight: 400;\">GESTI\u00d3N ADMINISTRATIVA ESCOLAR<\/span><\/li><li style=\"font-weight: 400;\" aria-level=\"1\"><span style=\"font-weight: 400;\">GESTI\u00d3N DE RECURSOS HUMANOS Y BIENESTAR LABORAL<\/span><\/li><li style=\"font-weight: 400;\" aria-level=\"1\"><span style=\"font-weight: 400;\">GESTI\u00d3N DE SUELDOS Y LIQUIDACI\u00d3N SALARIAL (4 MESES)<\/span><\/li><li style=\"font-weight: 400;\" aria-level=\"1\"><span style=\"font-weight: 400;\">GESTI\u00d3N TUR\u00cdSTICA Y HOTELER\u00cdA\u00a0<\/span><\/li><li style=\"font-weight: 400;\" aria-level=\"1\"><span style=\"font-weight: 400;\">GESTI\u00d3N Y ADMINISTRACI\u00d3N DE EMPRESAS AGROPECUARIAS<\/span><\/li><li style=\"font-weight: 400;\" aria-level=\"1\"><span style=\"font-weight: 400;\">GESTI\u00d3N Y ADMINISTRACI\u00d3N SANITARIA<\/span><\/li><li style=\"font-weight: 400;\" aria-level=\"1\"><span style=\"font-weight: 400;\">INSPECCI\u00d3N BROMATOL\u00d3GICA<\/span><\/li><li style=\"font-weight: 400;\" aria-level=\"1\"><span style=\"font-weight: 400;\">JUEZ DE PAZ<\/span><\/li><li style=\"font-weight: 400;\" aria-level=\"1\"><span style=\"font-weight: 400;\">ORGANIZACI\u00d3N Y AMBIENTACI\u00d3N DE EVENTOS<\/span><\/li><\/ul>\t\t\t\t\t\t\t\t<\/div>\n\t\t\t\t<\/div>\n\t\t\t\t\t<\/div>\n\t\t\t\t<\/div>\n\t\t\t\t<\/div>\n\t\t","protected":false},"excerpt":{"rendered":"<p>Estudia lo que siempre quisiste El CAU Cooperativa El\u00e9ctrica y Anexos Limitada de Vicu\u00f1a Mackenna, es un Centro de Aprendizaje Universitario surgido luego de la firma de un Convenio con la Universidad Siglo 21 en al a\u00f1o 2008, que permiti\u00f3 acercar la Universidad a Vicu\u00f1a Mackenna, a partir del ciclo lectivo 2009, y que actualmente [&hellip;]<\/p>\n","protected":false},"author":3,"featured_media":0,"parent":0,"menu_order":0,"comment_status":"closed","ping_status":"closed","template":"","meta":{"footnotes":""},"class_list":["post-397","page","type-page","status-publish","hentry"],"_links":{"self":[{"href":"https:\/\/ceyalcoop.com\/index.php\/wp-json\/wp\/v2\/pages\/397","targetHints":{"allow":["GET"]}}],"collection":[{"href":"https:\/\/ceyalcoop.com\/index.php\/wp-json\/wp\/v2\/pages"}],"about":[{"href":"https:\/\/ceyalcoop.com\/index.php\/wp-json\/wp\/v2\/types\/page"}],"author":[{"embeddable":true,"href":"https:\/\/ceyalcoop.com\/index.php\/wp-json\/wp\/v2\/users\/3"}],"replies":[{"embeddable":true,"href":"https:\/\/ceyalcoop.com\/index.php\/wp-json\/wp\/v2\/comments?post=397"}],"version-history":[{"count":28,"href":"https:\/\/ceyalcoop.com\/index.php\/wp-json\/wp\/v2\/pages\/397\/revisions"}],"predecessor-version":[{"id":6886,"href":"https:\/\/ceyalcoop.com\/index.php\/wp-json\/wp\/v2\/pages\/397\/revisions\/6886"}],"wp:attachment":[{"href":"https:\/\/ceyalcoop.com\/index.php\/wp-json\/wp\/v2\/media?parent=397"}],"curies":[{"name":"wp","href":"https:\/\/api.w.org\/{rel}","templated":true}]}}